{"id":1,"date":"2019-03-25T09:55:29","date_gmt":"2019-03-25T09:55:29","guid":{"rendered":"http:\/\/woesthoff.team\/?p=1"},"modified":"2024-03-18T12:19:15","modified_gmt":"2024-03-18T12:19:15","slug":"home","status":"publish","type":"page","link":"https:\/\/woesthoff.team\/","title":{"rendered":"Home"},"content":{"rendered":"<p><img decoding=\"async\" src=\"\/wp-content\/uploads\/2024\/03\/home-hero-left3.svg\" alt=\"\"><\/p>\n<h1>Thomas <br \/>Woesthoff<\/h1>\n<h1>\n<p>Ihr Experte f\u00fcr<\/p>\n<p><a href=\"#supervision\">SUPERVISIONEN<\/a> | <a href=\"#fortbildungen\">FORTBILDUNGEN<\/a> | <a href=\"#erlebnispaedagogik\">ERLEBNISP\u00c4DAGOGIK<\/a><br \/><a href=\"#schulabstinenz\">SCHULABSTINENZ<\/a><\/p>\n<\/h1>\n<ul>\n<li>\n        <a href=\"#angebote\">Meine Angebote<\/a>\n    <\/li>\n<li>\n        <a href=\"#kontakt\">Kontakt aufnehmen<\/a>\n    <\/li>\n<\/ul>\n<h2>\n<p>Thomas Woesthoff <br \/>Jahrgang 1973 <br \/>Sozialp\u00e4dagoge (MA)<\/p>\n<\/h2>\n<h2>\n<p>\u00dcber mich<\/p>\n<\/h2>\n<div>\n<p><text x=\"-9999\" y=\"-9999\"><\/text>Nach dem Abitur in Soest begann ich mein Lehramtsstudium f\u00fcr die Primarstufe. Jedoch erkannte ich, kurz nach Berufseinstieg, meine Leidenschaft f\u00fcr Sozialp\u00e4dagogik und entschied mich f\u00fcr eine Ausbildung zum (Heim-) Erzieher im Elementarbereich.<\/p>\n<div class=\"flex flex-grow flex-col max-w-full\">\n<div data-message-author-role=\"assistant\" data-message-id=\"cf90e7a3-7d96-433a-bf5b-4c474d153a06\" class=\"min-h-[20px] text-message flex flex-col items-start gap-3 whitespace-pre-wrap break-words [.text-message+&amp;]:mt-5 overflow-x-auto\">\n<div class=\"markdown prose w-full break-words dark:prose-invert dark\">\n<p>Meine berufliche Reise f\u00fchrte mich in die Arbeit mit inklusiven Gruppen, zun\u00e4chst in einer Einrichtung f\u00fcr ehemals obdachlose Teenager. Dort entdeckte ich die vielf\u00e4ltigen M\u00f6glichkeiten der <strong>handlungsorientierten Erlebnisp\u00e4dagogik<\/strong> und vertiefte mein Wissen durch Fortbildungen in Marburg.<\/p>\n<\/div>\n<\/div>\n<\/div>\n<\/div>\n<p><img decoding=\"async\" src=\"\/wp-content\/uploads\/2024\/03\/thomas-shape-3.png\" alt=\"Thomas Woesthoff Portraitbild\"><br \/>\n<img decoding=\"async\" src=\"\/wp-content\/uploads\/2024\/03\/home-hero-right3.svg\" alt=\"\"><\/p>\n<div>\n<p>Mein Interesse an den theoretischen Hintergr\u00fcnden, diagnostischen Methoden und Handlungskonzepten f\u00fchrte mich schlie\u00dflich zum <strong>Masterstudium Clinical Casework<\/strong> in M\u00fcnster.<\/p>\n<p>Seitdem arbeite ich mit inklusiven Gruppen in verschiedenen Settings und engagiere mich im Dachverband ERCA als Vorstandsmitglied f\u00fcr das Arbeitsfeld Inklusion und als Ausbilder f\u00fcr mobile Seilaufbauten.<\/p>\n<p>Ich berate und begleite seit vielen Jahren Gruppen und Teams in ihrer Weiterentwicklung.\u00a0<\/p>\n<p><span class=\"uk-text-bolder\">Genau das was Sie brauchen? Schreiben Sie mir gerne eine Mail<\/p>\n<p><a href=\"mailto:mail@woesthoff.team\">mail@woesthoff.team<\/a><\/span><\/p>\n<\/div>\n<h2>\n<p>Thomas Woesthoff | Jahrgang 1973 | Sozialp\u00e4dagoge (MA)<\/p>\n<\/h2>\n<h2>\n<p>\u00dcber mich<\/p>\n<\/h2>\n<div>\n<p><text x=\"-9999\" y=\"-9999\"><\/text>Nach einer kurzen beruflichen Phase als Lehrer im Bereich Primarstufe erkannte ich meine Leidenschaft f\u00fcr Sozialp\u00e4dagogik und entschied mich zum Wechsel in den sozialp\u00e4dagogischen Bereich. <\/p>\n<div class=\"flex flex-grow flex-col max-w-full\">\n<div data-message-author-role=\"assistant\" data-message-id=\"cf90e7a3-7d96-433a-bf5b-4c474d153a06\" class=\"min-h-[20px] text-message flex flex-col items-start gap-3 whitespace-pre-wrap break-words [.text-message+&amp;]:mt-5 overflow-x-auto\">\n<div class=\"markdown prose w-full break-words dark:prose-invert dark\">\n<p>Meine berufliche Reise f\u00fchrte mich in die Arbeit mit inklusiven Gruppen, zun\u00e4chst in einer Einrichtung f\u00fcr ehemals obdachlose Teenager. Dort entdeckte ich die vielf\u00e4ltigen M\u00f6glichkeiten der <strong>handlungsorientierten Erlebnisp\u00e4dagogik<\/strong> und vertiefte mein Wissen durch Fortbildungen in Marburg.<\/p>\n<\/div>\n<\/div>\n<\/div>\n<\/div>\n<p><img decoding=\"async\" src=\"\/wp-content\/uploads\/2024\/02\/Element-1.svg\" alt=\"Grafik zum Leitbild\"><\/p>\n<h2>Meine Angebote<\/h2>\n<h2>\n<p>Supervision<\/p>\n<\/h2>\n<div>\n<h3><strong>Arbeitsschwerpunkte: <\/strong><\/h3>\n<div>\n<p>Kinder- Jugend und Behindertenhilfe \/ Soziale Arbeit<br \/>Teamsitzungen Teamprozesse. Teamkonferenz<\/p>\n<\/div>\n<\/div>\n<div>\n<p>In einem klar strukturierten Rahmen wird durch vielf\u00e4ltige, aber der Situation angemessene Methoden eine Weiterentwicklung erm\u00f6glicht.\u00a0<\/p>\n<\/div>\n<div>\n<h2>Teamentwicklung<\/h2>\n<div>\n<ul>\n<li>Onboarding bei Teamerg\u00e4nzungen<\/li>\n<li>Begleitung von Change Prozessen<\/li>\n<li>Standortbestimmung und Zielentwicklung<\/li>\n<li>Initiierung von L\u00f6sungsprozessen<\/li>\n<\/ul>\n<\/div>\n<\/div>\n<div>\n<h3>Fallbesprechungen<\/h3>\n<div>\n<ul>\n<li>Strukturierte Betrachtung unterschiedlichster Facetten einer Situation<\/li>\n<li>Problemanalyse und L\u00f6sungsorientierung<\/li>\n<li>Methodenvielfalt und Ressourcen- Orientierung<\/li>\n<\/ul>\n<\/div>\n<\/div>\n<div>\n<h3>Kontakt aufnehmen<\/h3>\n<div>\n<p>Sprechen sie mich unverbindlich an. In einem Telefontermin er\u00f6rtern wir die aktuellen Situation und legen gemeinsam den Bedarf fest. Anschlie\u00dfend erstelle ich Ihnen ein auf ihre Situation zugeschnittenes Angebot <\/p>\n<\/div>\n<p><a href=\"#kontakt\">Zum Kontaktformular<\/a><\/p>\n<\/div>\n<h2>\n<p>\u201e<em>Umwege erweitern <br \/>die Ortskenntnis<\/em>\u201c<\/p>\n<\/h2>\n<div>\n<p>\u2014 Otto P\u00f6tter<\/p>\n<\/div>\n<h2>\n<p>(Schul-) Abstinenz<\/p>\n<\/h2>\n<div>\n<p>Es ist ein menschliches Bed\u00fcrfnis und ein Menschenrecht, zu lernen und Teil einer Gruppe zu sein. Vielf\u00e4ltige Ursachen f\u00fchren dazu, dass Menschen den Weg zur Institution Schule nicht (mehr) schaffen.<\/p>\n<p>In pers\u00f6nlichen Beratungsgespr\u00e4chen werden Ursachen betrachtet und gemeinsam ein Fahrplan erstellt, welcher den Weg zur\u00fcck in einen Schulalltag erm\u00f6glicht. Betroffene Menschen, deren famili\u00e4res Umfeld, die Institution Schule und weitere Akteure werden in den Findungsprozess eingebungen.<\/p>\n<p><strong>Meine Auftraggeber sind Betroffene, Familien, Eltern, Schulen oder Jugend\u00e4mter.<\/strong><\/p>\n<p>Nach einem vereinbarten Telefontermin zur Auftragskl\u00e4rung strukturiert sich meine Arbeit in zuerst sechs Einheiten zu je 90 min<\/p>\n<\/div>\n<p>\n    <a href=\"#kontakt\">Nehmen Sie Kontakt auf<\/a>\n<\/p>\n<h2>\n<p>ERLEBNISP\u00c4DAGIGIK- <br \/>HANDLUNGSORIENTIERUNG ALS METHODENSCHWERPUNKT<\/p>\n<\/h2>\n<div>\n<p>Handlungsorientierte Bausteine finden sich in vielen Momenten meiner Arbeit wieder. Sie fokussieren, lassen neuen Blickwinkel zu, f\u00fchren Menschen zusammen oder lockern auf. Immer sind sie, passend eingesetzt ein Mehrwert.<\/p>\n<p>In der Erlebnisp\u00e4dagogik werden erfahrungsorientierte Lernprozesse iniziert. In sogenannten In inzensierten Settings werden Situationen erfahrbar gemacht. Durch einen angeleiteten Reflektionsprozess wird der Transfer in den Alltag erm\u00f6glicht. So wird ein selbstbestimmter Lernprozess angeregt. Entscheidend ist, dass angebotene Aufgaben zu der jeweiligen Gruppe zu dem derzeitigen Zeitpunkt passen.<\/p>\n<p>Die Teilnehmenden werden herausgefordert, ihre Grenzen zu erkennen und zu erweitern, Teamarbeit zu f\u00f6rdern, Vertrauen aufzubauen und Probleml\u00f6sungsf\u00e4higkeiten zu entwickeln.<\/p>\n<p>In Gruppenfindungsprozessen begleite ich ihr Team in der Weiterentwicklung von der Kennelernphase bis zur Optimierung von Performingprozessen.\u00a0<\/p>\n<p>In Gruppenfindungsprozessen begleite ich ihr Team in der Weiterentwicklung von der Kennelernphase bis zur Optimierung von Performingprozessen.\u00a0<\/p>\n<p><strong>Sprechen sie mich unverbindlich an. In einem Telefontermin er\u00f6rtern wir die aktuellen Situation und legen gemeinsam den Bedarf fest. Anschlie\u00dfend erstelle ich Ihnen ein auf ihre Situation zugeschnittenes Angebot<\/strong><\/p>\n<\/div>\n<p>\n    <a href=\"#kontakt\">Kontakt aufnehmen<\/a>\n<\/p>\n<h2>\n<p>\u201eNun durch die Freiheit und die Erfahrungen in der Umwelt kann sich der Mensch entwickeln\u201c<\/p>\n<\/h2>\n<div>\n<p>\u2014 Maria Montessori<\/p>\n<\/div>\n<p><img decoding=\"async\" src=\"\/wp-content\/uploads\/about-02.svg\" alt=\"\"><\/p>\n<h2>\u201eWir leben nicht, um zu glauben, sondern um zu lernen.\u201c<\/h2>\n<div>\n<p>\u2014 Dalai Lama<\/p>\n<\/div>\n<h1>\n<p>Fortbildungen<\/p>\n<\/h1>\n<div>\n<p>Als Workshop, Methodentag, Fortbildung oder theoretische Einheit vorbereitet bietet eine Auseinandersetzung mit einem Thema einem Menschen und der Gruppe, in der er sich befindet, immer einen Mehrwert. Lassen sie sich einladen, sich neu mit einem Thema auseinanderzusetzen.<\/p>\n<\/div>\n<div>\n<p>        <img decoding=\"async\" src=\"\/wp-content\/uploads\/2024\/03\/inklusion.jpg\" alt=\"Grafik zur verdeutlichung von Inklusion\"><\/p>\n<h2>Gelingende Inklusion in Gruppen jeder Art<\/h2>\n<div>\n<p>Jeder zehnte Mensch hat eine Schwerbehinderung. Jede Gruppe besteht aus vielen Einzelcharakteren, die eine Besonderheit in sich Tragen und die Gruppe bereichern.<\/p>\n<p>Die Besonderheiten nutzbar machen und die Anspr\u00fcche eines jeden im Blick zu haben erm\u00f6glicht die Inklusion in Gruppen.<\/p>\n<p>In Setting von einem drei bis sieben Stunden im Rahmen eines Workshops werden passgenau auf die Gruppe zugeschnittene Methoden genutzt, um einen Inklusiven Ansatz zu etablieren.<\/p>\n<\/p>\n<\/div>\n<p><a href=\"#kontakt\">Nehmen Sie Kontakt auf<\/a><\/p>\n<\/div>\n<div>\n<p>        <img decoding=\"async\" src=\"\/wp-content\/uploads\/2024\/03\/niedrigseil2.jpg\" alt=\"Grafik zur Repr\u00e4sentation von Niedrigseilg\u00e4rten\"><\/p>\n<h3>Tempor\u00e4re Niedrigseil Aufbauten<\/h3>\n<p>ERCA &#8211; Zertifiziert<\/p>\n<div>\n<p>Niedrige Seilelemente sind in der handlungsorientierten Arbeit unabdingbar. Sie sind nahezu in jedem Gruppensetting und an unterschiedlichsten Orten einsetzbar. <br \/>Diese Fortbildung dient dem Erlernen eines sicheren Umgangs mit dem Material und die p\u00e4dagogischen M\u00f6glichkeiten. Die Fortbildung nach ERCA-Standard \u201eKonstrukteur tempor\u00e4re Niedrigseilgarten\u201c sieht in 24 Unterrichtsstunden (Blockmodell) unter anderem vor:<\/p>\n<ul>\n<li>Aufbau (Standortwahl, Umweltschutz, Materialauswahl, Sicherheitsaspekte, Berechnungen der Bruchlasten und Belastungen des Materials, Risikoanalyse)<\/li>\n<li>P\u00e4dagogische Aspekte des Nutzens, Sicherheitsaspekte im Betrieb<\/li>\n<li>Verschiedenste Aufbauvarianten und deren Einsatzm\u00f6glichkeiten.<\/li>\n<li>Nutzung unterschiedlicher Materialien. Der Schwerpunkt liegt auf dem Aufbau mit Industriematerial. Die Nutzung von Stahlseilen und Klettermaterial wird betrachtet, ist aber kein Schwerpunkt<\/li>\n<li>Notwendige Knoten<\/li>\n<\/ul>\n<\/div>\n<p><a href=\"#kontakt\">Nehmen Sie Kontakt auf<\/a><\/p>\n<\/div>\n<p><img decoding=\"async\" src=\"\/wp-content\/uploads\/2024\/02\/thomas-woesthoff-kontakt.jpg\" alt=\"Thomas Woesthoff Portraitbild\"><br \/>\n<img decoding=\"async\" src=\"\/wp-content\/uploads\/2024\/03\/blau-bg-piece2.png\" alt=\"\"><\/p>\n<h2>Kontaktieren Sie mich<\/h2>\n<hr>\n<ul>\n<li>\n<p>        <img decoding=\"async\" src=\"\/wp-content\/uploads\/2024\/03\/phone-woesthoff.png\" alt=\"Brief Icon\"><\/p>\n<p><a href=\"mailto:mail@woesthoff.team\"><\/p>\n<p><a href=\"mailto:mail@woesthoff.team\">mail@woesthoff.team<\/a><\/p>\n<p><\/a><\/p>\n<\/li>\n<li>\n<p>        <img decoding=\"async\" src=\"\/wp-content\/uploads\/2024\/03\/phone-icon.png\" alt=\"Telefonh\u00f6rer Icon\"><\/p>\n<p><a href=\"tel:+4915773551970\"><\/p>\n<p>0157 \/ 7355 1970<\/p>\n<p><\/a><\/p>\n<\/li>\n<\/ul>\n<p><img decoding=\"async\" src=\"\/wp-content\/uploads\/2024\/02\/thomas-woesthoff-kontakt.jpg\" alt=\"\"><\/p>\n<div>\n<div>\n<div class=\"frm_forms  with_frm_style frm_style_formidable-style\" id=\"frm_form_1_container\" >\n<form enctype=\"multipart\/form-data\" method=\"post\" class=\"frm-show-form \" id=\"form_contact-form\" >\n<div class=\"frm_form_fields \">\n<fieldset>\n<legend class=\"frm_screen_reader\">Contact Us<\/legend>\r\n\r\n<div class=\"frm_fields_container\">\n<input type=\"hidden\" name=\"frm_action\" value=\"create\" \/>\n<input type=\"hidden\" name=\"form_id\" value=\"1\" \/>\n<input type=\"hidden\" name=\"frm_hide_fields_1\" id=\"frm_hide_fields_1\" value=\"\" \/>\n<input type=\"hidden\" name=\"form_key\" value=\"contact-form\" \/>\n<input type=\"hidden\" name=\"item_meta[0]\" value=\"\" \/>\n<input type=\"hidden\" id=\"frm_submit_entry_1\" name=\"frm_submit_entry_1\" value=\"bdccdfdba3\" \/><input type=\"hidden\" name=\"_wp_http_referer\" value=\"\/index.php?rest_route=%2Fwp%2Fv2%2Fpages%2F1\" \/><div id=\"frm_field_1_container\" class=\"frm_form_field form-field  frm_required_field frm_none_container frm_first frm_half\">\r\n    <label for=\"field_qh4icy\" id=\"field_qh4icy_label\" class=\"frm_primary_label\">Name\r\n        <span class=\"frm_required\" aria-hidden=\"true\">*<\/span>\r\n    <\/label>\r\n    <input type=\"text\" id=\"field_qh4icy\" name=\"item_meta[1]\" value=\"\"  placeholder=\"Vorname\" data-reqmsg=\"Name cannot be blank.\" aria-required=\"true\" data-invmsg=\"Name is invalid\" aria-invalid=\"false\"  \/>\r\n    \r\n    \r\n<\/div>\n<div id=\"frm_field_2_container\" class=\"frm_form_field form-field  frm_required_field frm_none_container frm_half\">\r\n    <label for=\"field_ocfup1\" id=\"field_ocfup1_label\" class=\"frm_primary_label\">Last\r\n        <span class=\"frm_required\" aria-hidden=\"true\">*<\/span>\r\n    <\/label>\r\n    <input type=\"text\" id=\"field_ocfup1\" name=\"item_meta[2]\" value=\"\"  placeholder=\"Nachname\" data-reqmsg=\"Last cannot be blank.\" aria-required=\"true\" data-invmsg=\"Last is invalid\" aria-invalid=\"false\"  \/>\r\n    \r\n    \r\n<\/div>\n<div id=\"frm_field_3_container\" class=\"frm_form_field form-field  frm_required_field frm_none_container frm6 frm_first\">\r\n    <label for=\"field_29yf4d\" id=\"field_29yf4d_label\" class=\"frm_primary_label\">Email\r\n        <span class=\"frm_required\" aria-hidden=\"true\">*<\/span>\r\n    <\/label>\r\n    <input type=\"email\" id=\"field_29yf4d\" name=\"item_meta[3]\" value=\"\"  placeholder=\"Ihre Mailadresse\" data-reqmsg=\"Email cannot be blank.\" aria-required=\"true\" data-invmsg=\"Please enter a valid email address\" aria-invalid=\"false\"  \/>\r\n    \r\n    \r\n<\/div>\n<div id=\"frm_field_6_container\" class=\"frm_form_field form-field  frm_none_container frm6\">\r\n    <label for=\"field_aj1zo\" id=\"field_aj1zo_label\" class=\"frm_primary_label\">Text\r\n        <span class=\"frm_required\" aria-hidden=\"true\"><\/span>\r\n    <\/label>\r\n    <input type=\"text\" id=\"field_aj1zo\" name=\"item_meta[6]\" value=\"\"  placeholder=\"Ihre Telefonnummer\" data-invmsg=\"Text is invalid\" aria-invalid=\"false\"  \/>\r\n    \r\n    \r\n<\/div>\n<div id=\"frm_field_4_container\" class=\"frm_form_field form-field  frm_required_field frm_none_container frm_full\">\r\n    <label for=\"field_e6lis6\" id=\"field_e6lis6_label\" class=\"frm_primary_label\">Subject\r\n        <span class=\"frm_required\" aria-hidden=\"true\">*<\/span>\r\n    <\/label>\r\n    <input type=\"text\" id=\"field_e6lis6\" name=\"item_meta[4]\" value=\"\"  placeholder=\"Betreff\" data-reqmsg=\"Subject cannot be blank.\" aria-required=\"true\" data-invmsg=\"Subject is invalid\" aria-invalid=\"false\"  \/>\r\n    \r\n    \r\n<\/div>\n<div id=\"frm_field_5_container\" class=\"frm_form_field form-field  frm_required_field frm_none_container frm_full\">\r\n    <label for=\"field_9jv0r1\" id=\"field_9jv0r1_label\" class=\"frm_primary_label\">Message\r\n        <span class=\"frm_required\" aria-hidden=\"true\">*<\/span>\r\n    <\/label>\r\n    <textarea name=\"item_meta[5]\" id=\"field_9jv0r1\" rows=\"5\"  placeholder=\"Ihre Nachricht an mich\" data-reqmsg=\"Message cannot be blank.\" aria-required=\"true\" data-invmsg=\"Message is invalid\" aria-invalid=\"false\"  ><\/textarea>\r\n    \r\n    \r\n<\/div>\n\t<input type=\"hidden\" name=\"item_key\" value=\"\" \/>\n\t\t\t<div id=\"frm_field_7_container\">\n\t\t\t<label for=\"field_a5omu\" >\n\t\t\t\tIf you are human, leave this field blank.\t\t\t<\/label>\n\t\t\t<input  id=\"field_a5omu\" type=\"text\" class=\"frm_form_field form-field frm_verify\" name=\"item_meta[7]\" value=\"\"  \/>\n\t\t<\/div>\n\t\t<input name=\"frm_state\" type=\"hidden\" value=\"eDJe97RIY\/hgbW\/wDBXrfVpXb5TTckgoFpRtE4uWJfQ=\" \/><div class=\"frm_submit frm_flex\">\r\n<button class=\"frm_button_submit\" type=\"submit\"  >SENDEN<\/button>\r\n\r\n\r\n\r\n<\/div><\/div>\n<\/fieldset>\n<\/div>\n\n<\/form>\n<\/div>\n\n<\/div>\n<\/div>\n<p><!--more--><br \/>\n<!-- {\"type\":\"layout\",\"children\":[{\"type\":\"section\",\"props\":{\"animation\":\"fade\",\"animation_delay\":false,\"header_transparent_noplaceholder\":false,\"id\":\"start\",\"image_position\":\"top-center\",\"image_size\":\"contain\",\"padding\":\"large\",\"padding_remove_bottom\":false,\"padding_remove_top\":false,\"style\":\"default\",\"title_breakpoint\":\"xl\",\"title_position\":\"top-left\",\"title_rotation\":\"left\",\"vertical_align\":\"middle\",\"width\":\"xlarge\"},\"children\":[{\"type\":\"row\",\"children\":[{\"type\":\"column\",\"props\":{\"image_position\":\"center-center\",\"position_sticky_breakpoint\":\"m\",\"width_medium\":\"1-1\"},\"children\":[{\"type\":\"image\",\"props\":{\"animation\":\"parallax\",\"css\":\".el-image { max-width: 48vw; }\",\"image\":\"wp-content\\\/uploads\\\/2024\\\/03\\\/home-hero-left3.svg\",\"image_loading\":true,\"image_svg_color\":\"primary\",\"image_svg_inline\":false,\"margin\":\"default\",\"parallax_easing\":\"0.5\",\"parallax_y\":\"0,90\",\"position\":\"absolute\",\"position_right\":\"30vw\",\"position_top\":\"-16vh\",\"position_z_index\":\"0\",\"text_align\":\"left\"}},{\"type\":\"headline\",\"props\":{\"content\":\"Thomas <br \\\/>Woesthoff\",\"position\":\"relative\",\"position_z_index\":\"3\",\"text_align\":\"center\",\"title_element\":\"h1\",\"title_font_family\":\"primary\",\"title_style\":\"heading-medium\"}},{\"type\":\"headline\",\"props\":{\"content\":\"\n\n<p>Ihr Experte f\\u00fcr<\\\/p>\\n\n\n<p><a href=\\\"#supervision\\\">SUPERVISIONEN<\\\/a> | <a href=\\\"#fortbildungen\\\">FORTBILDUNGEN<\\\/a> | <a href=\\\"#erlebnispaedagogik\\\">ERLEBNISP\\u00c4DAGOGIK<\\\/a><br \\\/><a href=\\\"#schulabstinenz\\\">SCHULABSTINENZ<\\\/a><\\\/p>\",\"margin\":\"medium\",\"position\":\"relative\",\"position_z_index\":\"3\",\"text_align\":\"center\",\"title_element\":\"h1\",\"title_style\":\"h2\"}},{\"type\":\"button\",\"props\":{\"grid_column_gap\":\"\",\"grid_row_gap\":\"\",\"margin\":\"default\",\"position\":\"relative\",\"position_z_index\":\"3\",\"text_align\":\"center\"},\"children\":[{\"type\":\"button_item\",\"props\":{\"button_style\":\"primary\",\"content\":\"Meine Angebote\",\"icon_align\":\"left\",\"link\":\"#angebote\"}},{\"type\":\"button_item\",\"props\":{\"button_style\":\"secondary\",\"content\":\"Kontakt aufnehmen\",\"icon_align\":\"left\",\"link\":\"#kontakt\"}}]}]}]}],\"name\":\"Hero\"},{\"type\":\"section\",\"props\":{\"animation\":\"slide-bottom-small\",\"id\":\"ueber-mich\",\"image_effect\":\"parallax\",\"image_parallax_bgy\":\"-380 0%\",\"image_position\":\"center-right\",\"padding_remove_top\":false,\"style\":\"primary\",\"title_breakpoint\":\"xl\",\"title_position\":\"top-left\",\"title_rotation\":\"left\",\"vertical_align\":\"middle\",\"width\":\"\"},\"children\":[{\"type\":\"row\",\"props\":{\"column_gap\":\"large\",\"layout\":\"1-2,1-2\",\"width\":\"large\"},\"children\":[{\"type\":\"column\",\"props\":{\"image_position\":\"center-center\",\"position_sticky_breakpoint\":\"m\",\"vertical_align\":\"middle\",\"width_medium\":\"1-2\",\"widths\":[\"3-4\"]},\"children\":[{\"type\":\"headline\",\"props\":{\"content\":\"\n\n<p>Thomas Woesthoff <br \\\/>Jahrgang 1973 <br \\\/>Sozialp\\u00e4dagoge (MA)<\\\/p>\",\"margin_remove_bottom\":true,\"position_z_index\":\"3\",\"title_element\":\"h2\",\"title_style\":\"h6\",\"visibility\":\"hidden-m\"}},{\"type\":\"headline\",\"props\":{\"content\":\"\n\n<p>\\u00dcber mich<\\\/p>\",\"margin_remove_top\":true,\"position_z_index\":\"3\",\"title_element\":\"h2\",\"title_style\":\"heading-small\",\"visibility\":\"hidden-m\"}},{\"type\":\"text\",\"props\":{\"column_breakpoint\":\"m\",\"content\":\"\n\n<p><text x=\\\"-9999\\\" y=\\\"-9999\\\"><\\\/text>Nach dem Abitur in Soest begann ich mein Lehramtsstudium f\\u00fcr die Primarstufe. Jedoch erkannte ich, kurz nach Berufseinstieg, meine Leidenschaft f\\u00fcr Sozialp\\u00e4dagogik und entschied mich f\\u00fcr eine Ausbildung zum (Heim-) Erzieher im Elementarbereich.<\\\/p>\\n\n\n<div class=\\\"flex flex-grow flex-col max-w-full\\\">\\n\n\n<div data-message-author-role=\\\"assistant\\\" data-message-id=\\\"cf90e7a3-7d96-433a-bf5b-4c474d153a06\\\" class=\\\"min-h-[20px] text-message flex flex-col items-start gap-3 whitespace-pre-wrap break-words [.text-message+&amp;]:mt-5 overflow-x-auto\\\">\\n\n\n<div class=\\\"markdown prose w-full break-words dark:prose-invert dark\\\">\\n\n\n<p>Meine berufliche Reise f\\u00fchrte mich in die Arbeit mit inklusiven Gruppen, zun\\u00e4chst in einer Einrichtung f\\u00fcr ehemals obdachlose Teenager. Dort entdeckte ich die vielf\\u00e4ltigen M\\u00f6glichkeiten der <strong>handlungsorientierten Erlebnisp\\u00e4dagogik<\\\/strong> und vertiefte mein Wissen durch Fortbildungen in Marburg.<\\\/p>\\n<\\\/div>\\n<\\\/div>\\n<\\\/div>\",\"margin\":\"default\",\"visibility\":\"hidden-m\"}},{\"type\":\"image\",\"props\":{\"animation\":\"parallax\",\"image\":\"wp-content\\\/uploads\\\/2024\\\/03\\\/thomas-shape-3.png\",\"image_alt\":\"Thomas Woesthoff Portraitbild\",\"image_svg_color\":\"emphasis\",\"image_width\":500,\"margin\":\"default\",\"parallax_easing\":\"1\",\"parallax_y\":\"0,-3vh\",\"position\":\"relative\",\"position_bottom\":\"0\",\"position_right\":\"50\",\"position_z_index\":\"2\",\"text_align\":\"center\"}},{\"type\":\"image\",\"props\":{\"animation\":\"parallax\",\"image\":\"wp-content\\\/uploads\\\/2024\\\/03\\\/home-hero-right3.svg\",\"image_svg_color\":\"emphasis\",\"margin\":\"default\",\"parallax_breakpoint\":\"m\",\"parallax_x\":\"-110\",\"parallax_y\":\"50\",\"position\":\"absolute\",\"position_left\":\"250\",\"position_top\":\"-200\",\"position_z_index\":\"0\"}},{\"type\":\"text\",\"props\":{\"column_breakpoint\":\"m\",\"content\":\"\n\n<p>Mein Interesse an den theoretischen Hintergr\\u00fcnden, diagnostischen Methoden und Handlungskonzepten f\\u00fchrte mich schlie\\u00dflich zum <strong>Masterstudium Clinical Casework<\\\/strong> in M\\u00fcnster.<\\\/p>\\n\n\n<p>Seitdem arbeite ich mit inklusiven Gruppen in verschiedenen Settings und engagiere mich im Dachverband ERCA als Vorstandsmitglied f\\u00fcr das Arbeitsfeld Inklusion und als Ausbilder f\\u00fcr mobile Seilaufbauten.<\\\/p>\\n\n\n<p>Ich berate und begleite seit vielen Jahren Gruppen und Teams in ihrer Weiterentwicklung.\\u00a0<\\\/p>\\n\n\n<p><span class=\\\"uk-text-bolder\\\">Genau das was Sie brauchen? Schreiben Sie mir gerne eine Mail<br \\\/><br \\\/><a href=\\\"mailto:mail@woesthoff.team\\\">mail@woesthoff.team<\\\/a><\\\/span><\\\/p>\",\"margin\":\"default\"}}]},{\"type\":\"column\",\"props\":{\"image_position\":\"center-center\",\"order_first\":\"m\",\"position_sticky_breakpoint\":\"m\",\"vertical_align\":\"middle\",\"width_medium\":\"1-2\"},\"children\":[{\"type\":\"headline\",\"props\":{\"content\":\"\n\n<p>Thomas Woesthoff | Jahrgang 1973 | Sozialp\\u00e4dagoge (MA)<\\\/p>\",\"margin_remove_bottom\":true,\"position_z_index\":\"3\",\"title_element\":\"h2\",\"title_style\":\"h6\",\"visibility\":\"m\"}},{\"type\":\"headline\",\"props\":{\"content\":\"\n\n<p>\\u00dcber mich<\\\/p>\",\"margin_remove_top\":true,\"position_z_index\":\"3\",\"title_element\":\"h2\",\"title_style\":\"heading-small\",\"visibility\":\"m\"}},{\"type\":\"text\",\"props\":{\"column_breakpoint\":\"m\",\"content\":\"\n\n<p><text x=\\\"-9999\\\" y=\\\"-9999\\\"><\\\/text>Nach einer kurzen beruflichen Phase als Lehrer im Bereich Primarstufe erkannte ich meine Leidenschaft f\\u00fcr Sozialp\\u00e4dagogik und entschied mich zum Wechsel in den sozialp\\u00e4dagogischen Bereich. <\\\/p>\\n\n\n<div class=\\\"flex flex-grow flex-col max-w-full\\\">\\n\n\n<div data-message-author-role=\\\"assistant\\\" data-message-id=\\\"cf90e7a3-7d96-433a-bf5b-4c474d153a06\\\" class=\\\"min-h-[20px] text-message flex flex-col items-start gap-3 whitespace-pre-wrap break-words [.text-message+&amp;]:mt-5 overflow-x-auto\\\">\\n\n\n<div class=\\\"markdown prose w-full break-words dark:prose-invert dark\\\">\\n\n\n<p>Meine berufliche Reise f\\u00fchrte mich in die Arbeit mit inklusiven Gruppen, zun\\u00e4chst in einer Einrichtung f\\u00fcr ehemals obdachlose Teenager. Dort entdeckte ich die vielf\\u00e4ltigen M\\u00f6glichkeiten der <strong>handlungsorientierten Erlebnisp\\u00e4dagogik<\\\/strong> und vertiefte mein Wissen durch Fortbildungen in Marburg.<\\\/p>\\n<\\\/div>\\n<\\\/div>\\n<\\\/div>\",\"margin\":\"default\",\"visibility\":\"m\"}},{\"type\":\"image\",\"props\":{\"animation\":\"parallax\",\"css\":\"@media only screen and (max-width: 600px) {\\n .el-element{\\n     \\n     right: 0px !important;\\n     \\n     \\n    }\\n}\",\"image\":\"wp-content\\\/uploads\\\/2024\\\/02\\\/Element-1.svg\",\"image_alt\":\"Grafik zum Leitbild\",\"image_svg_color\":\"emphasis\",\"image_width\":500,\"margin\":\"default\",\"parallax_easing\":\"1\",\"parallax_y\":\"0,-3vh\",\"position\":\"relative\",\"position_bottom\":\"0\",\"position_right\":\"50\",\"position_z_index\":\"2\",\"text_align\":\"center\"}}]}]}],\"name\":\"Call to Action\"},{\"type\":\"section\",\"props\":{\"id\":\"angebote\",\"image_position\":\"center-center\",\"padding_remove_top\":false,\"style\":\"default\",\"title_breakpoint\":\"xl\",\"title_position\":\"top-left\",\"title_rotation\":\"left\",\"vertical_align\":\"middle\",\"width\":\"large\"},\"children\":[{\"type\":\"row\",\"children\":[{\"type\":\"column\",\"props\":{\"image_position\":\"center-center\",\"position_sticky_breakpoint\":\"m\"},\"children\":[{\"type\":\"headline\",\"props\":{\"content\":\"Meine Angebote\",\"text_align\":\"left\",\"title_element\":\"h2\",\"title_style\":\"heading-small\"}}]}],\"props\":{\"width\":\"xlarge\"}},{\"type\":\"row\",\"props\":{\"layout\":\"2-3,1-3\",\"margin\":\"large\"},\"children\":[{\"type\":\"column\",\"props\":{\"image_position\":\"center-center\",\"position_sticky_breakpoint\":\"m\",\"width_medium\":\"2-3\"},\"children\":[{\"type\":\"headline\",\"props\":{\"content\":\"\n\n<p>Supervision<\\\/p>\",\"id\":\"supervision\",\"title_element\":\"h2\",\"title_style\":\"h1\"}},{\"type\":\"description_list\",\"props\":{\"column_breakpoint\":\"m\",\"content\":\"\n\n<p><strong>Arbeitsschwerpunkte:<\\\/strong> Kinder- Jugend und Behindertenhilfe \\\/ Soziale Arbeit <br \\\/>Teamsitzungen Teamprozesse.\\u00a0\\u00a0\\u00a0 Teamkonferenz<\\\/p>\",\"layout\":\"grid-2\",\"list_element\":\"ul\",\"margin\":\"default\",\"meta_align\":\"below-content\",\"meta_style\":\"text-meta\",\"show_content\":true,\"show_link\":true,\"show_meta\":true,\"show_title\":true,\"title_element\":\"div\",\"title_grid_column_gap\":\"small\",\"title_grid_row_gap\":\"small\",\"title_grid_width\":\"auto\"},\"children\":[{\"type\":\"description_list_item\",\"props\":{\"content\":\"\n\n<p>Kinder- Jugend und Behindertenhilfe \\\/ Soziale Arbeit<br \\\/>Teamsitzungen Teamprozesse. Teamkonferenz<\\\/p>\",\"title\":\"<strong>Arbeitsschwerpunkte: <\\\/strong>\"}}]},{\"type\":\"text\",\"props\":{\"column_breakpoint\":\"m\",\"content\":\"\n\n<p>In einem klar strukturierten Rahmen wird durch vielf\\u00e4ltige, aber der Situation angemessene Methoden eine Weiterentwicklung erm\\u00f6glicht.\\u00a0<\\\/p>\",\"margin\":\"default\"}}]},{\"type\":\"column\",\"props\":{\"image_position\":\"center-center\",\"position_sticky_breakpoint\":\"m\",\"width_medium\":\"1-3\"}}]},{\"type\":\"row\",\"props\":{\"layout\":\"1-3,1-3,1-3\"},\"children\":[{\"type\":\"column\",\"props\":{\"image_position\":\"center-center\",\"position_sticky_breakpoint\":\"m\",\"width_medium\":\"1-3\"},\"children\":[{\"type\":\"panel\",\"props\":{\"animation\":\"none\",\"content\":\"\n\n<ul>\\n\n\n<li>Onboarding bei Teamerg\\u00e4nzungen<\\\/li>\\n\n\n<li>Begleitung von Change Prozessen<\\\/li>\\n\n\n<li>Standortbestimmung und Zielentwicklung<\\\/li>\\n\n\n<li>Initiierung von L\\u00f6sungsprozessen<\\\/li>\\n<\\\/ul>\",\"content_column_breakpoint\":\"m\",\"css\":\".el-element{\\n    \\n      box-shadow: 0 1px 2px rgba(0,0,0,0.16), 0 1px 2px rgba(0,0,0,0.23);\\n    \\n    \\n}\",\"height_expand\":true,\"icon_width\":80,\"image_align\":\"top\",\"image_grid_breakpoint\":\"m\",\"image_grid_width\":\"1-2\",\"image_svg_color\":\"emphasis\",\"link_style\":\"default\",\"link_text\":\"Read more\",\"margin\":\"default\",\"meta_align\":\"below-title\",\"meta_element\":\"div\",\"meta_style\":\"text-meta\",\"panel_padding\":\"default\",\"panel_style\":\"card-primary\",\"title\":\"Teamentwicklung\",\"title_align\":\"top\",\"title_element\":\"h2\",\"title_grid_breakpoint\":\"m\",\"title_grid_width\":\"1-2\",\"title_hover_style\":\"reset\"}}]},{\"type\":\"column\",\"props\":{\"image_position\":\"center-center\",\"position_sticky_breakpoint\":\"m\",\"width_medium\":\"1-3\"},\"children\":[{\"type\":\"panel\",\"props\":{\"content\":\"\n\n<ul>\\n\n\n<li>Strukturierte Betrachtung unterschiedlichster Facetten einer Situation<\\\/li>\\n\n\n<li>Problemanalyse und L\\u00f6sungsorientierung<\\\/li>\\n\n\n<li>Methodenvielfalt und Ressourcen- Orientierung<\\\/li>\\n<\\\/ul>\",\"content_column_breakpoint\":\"m\",\"css\":\".el-element{\\n    \\n      box-shadow: 0 1px 2px rgba(0,0,0,0.16), 0 1px 2px rgba(0,0,0,0.23);\\n    \\n    \\n}\",\"height_expand\":true,\"icon_width\":80,\"image_align\":\"top\",\"image_grid_breakpoint\":\"m\",\"image_grid_width\":\"1-2\",\"image_svg_color\":\"emphasis\",\"link_style\":\"default\",\"link_text\":\"Read more\",\"margin\":\"default\",\"meta_align\":\"below-title\",\"meta_element\":\"div\",\"meta_style\":\"text-meta\",\"panel_padding\":\"default\",\"panel_style\":\"card-primary\",\"title\":\"Fallbesprechungen\",\"title_align\":\"top\",\"title_element\":\"h3\",\"title_grid_breakpoint\":\"m\",\"title_grid_width\":\"1-2\",\"title_hover_style\":\"reset\"}}]},{\"type\":\"column\",\"props\":{\"image_position\":\"center-center\",\"position_sticky_breakpoint\":\"m\",\"width_medium\":\"1-3\"},\"children\":[{\"type\":\"panel\",\"props\":{\"content\":\"\n\n<p>Sprechen sie mich unverbindlich an. In einem Telefontermin er\\u00f6rtern wir die aktuellen Situation und legen gemeinsam den Bedarf fest. Anschlie\\u00dfend erstelle ich Ihnen ein auf ihre Situation zugeschnittenes Angebot <\\\/p>\",\"content_column_breakpoint\":\"m\",\"css\":\".el-element{\\n    \\n      box-shadow: 0 1px 2px rgba(0,0,0,0.16), 0 1px 2px rgba(0,0,0,0.23);\\n    \\n    \\n}\",\"height_expand\":true,\"icon_width\":80,\"image_align\":\"top\",\"image_grid_breakpoint\":\"m\",\"image_grid_width\":\"1-2\",\"image_svg_color\":\"emphasis\",\"link\":\"#kontakt\",\"link_style\":\"secondary\",\"link_text\":\"Zum Kontaktformular\",\"margin\":\"default\",\"meta_align\":\"below-title\",\"meta_element\":\"div\",\"meta_style\":\"text-meta\",\"panel_padding\":\"default\",\"panel_style\":\"card-primary\",\"title\":\"Kontakt aufnehmen\",\"title_align\":\"top\",\"title_element\":\"h3\",\"title_grid_breakpoint\":\"m\",\"title_grid_width\":\"1-2\",\"title_hover_style\":\"reset\"}}]}]}]},{\"type\":\"section\",\"props\":{\"id\":\"schulabstinenz\",\"image_position\":\"center-center\",\"style\":\"muted\",\"title_breakpoint\":\"xl\",\"title_position\":\"top-left\",\"title_rotation\":\"left\",\"vertical_align\":\"middle\",\"width\":\"large\"},\"children\":[{\"type\":\"row\",\"props\":{\"layout\":\"2-5,3-5\"},\"children\":[{\"type\":\"column\",\"props\":{\"image_position\":\"center-center\",\"padding\":\"small\",\"position_sticky_breakpoint\":\"m\",\"style\":\"card-secondary\",\"vertical_align\":\"middle\",\"width_medium\":\"2-5\"},\"children\":[{\"type\":\"headline\",\"props\":{\"animation\":\"parallax\",\"content\":\"\n\n<p>\\u201e<em>Umwege erweitern <br \\\/>die Ortskenntnis<\\\/em>\\u201c<\\\/p>\",\"maxwidth\":\"xlarge\",\"title_element\":\"h2\",\"title_style\":\"h1\"}},{\"type\":\"text\",\"props\":{\"column_breakpoint\":\"m\",\"content\":\"\n\n<p>\\u2014 Otto P\\u00f6tter<\\\/p>\",\"margin\":\"medium\"}}]},{\"type\":\"column\",\"props\":{\"css\":\".uk-card-secondary{\\n\\n      box-shadow: 0 1px 2px rgba(0,0,0,0.16), 0 1px 2px rgba(0,0,0,0.23);\\n    \\n}\",\"image_position\":\"center-center\",\"padding\":\"small\",\"position_sticky_breakpoint\":\"m\",\"width_medium\":\"3-5\"},\"children\":[{\"type\":\"headline\",\"props\":{\"content\":\"\n\n<p>(Schul-) Abstinenz<\\\/p>\",\"title_element\":\"h2\",\"title_style\":\"h1\"}},{\"type\":\"text\",\"props\":{\"column_breakpoint\":\"m\",\"content\":\"\n\n<p>Es ist ein menschliches Bed\\u00fcrfnis und ein Menschenrecht, zu lernen und Teil einer Gruppe zu sein. Vielf\\u00e4ltige Ursachen f\\u00fchren dazu, dass Menschen den Weg zur Institution Schule nicht (mehr) schaffen.<\\\/p>\\n\n\n<p>In pers\\u00f6nlichen Beratungsgespr\\u00e4chen werden Ursachen betrachtet und gemeinsam ein Fahrplan erstellt, welcher den Weg zur\\u00fcck in einen Schulalltag erm\\u00f6glicht. Betroffene Menschen, deren famili\\u00e4res Umfeld, die Institution Schule und weitere Akteure werden in den Findungsprozess eingebungen.<\\\/p>\\n\n\n<p><strong>Meine Auftraggeber sind Betroffene, Familien, Eltern, Schulen oder Jugend\\u00e4mter.<\\\/strong><\\\/p>\\n\n\n<p>Nach einem vereinbarten Telefontermin zur Auftragskl\\u00e4rung strukturiert sich meine Arbeit in zuerst sechs Einheiten zu je 90 min<\\\/p>\",\"margin\":\"default\"}},{\"type\":\"button\",\"props\":{\"grid_column_gap\":\"small\",\"grid_row_gap\":\"small\",\"margin\":\"default\"},\"children\":[{\"type\":\"button_item\",\"props\":{\"button_style\":\"secondary\",\"content\":\"Nehmen Sie Kontakt auf\",\"icon_align\":\"left\",\"link\":\"#kontakt\"}}]}]}]}]},{\"type\":\"section\",\"props\":{\"animation\":\"fade\",\"animation_delay\":false,\"header_transparent\":true,\"header_transparent_text_color\":\"dark\",\"id\":\"erlebnispaedagogik\",\"image_effect\":\"parallax\",\"image_parallax_bgy\":\"0,-600\",\"image_parallax_easing\":\"1\",\"image_position\":\"top-right\",\"padding_remove_bottom\":false,\"style\":\"default\",\"title_breakpoint\":\"xl\",\"title_position\":\"top-left\",\"title_rotation\":\"left\",\"vertical_align\":\"middle\",\"width\":\"large\"},\"children\":[{\"type\":\"row\",\"props\":{\"layout\":\"3-5,2-5\"},\"children\":[{\"type\":\"column\",\"props\":{\"image_position\":\"center-center\",\"order_first\":\"s\",\"position_sticky_breakpoint\":\"m\",\"width_medium\":\"3-5\"},\"children\":[{\"type\":\"headline\",\"props\":{\"content\":\"\n\n<p>ERLEBNISP\\u00c4DAGIGIK- <br \/>HANDLUNGSORIENTIERUNG ALS METHODENSCHWERPUNKT<\\\/p>\",\"css\":\"@media only screen and (max-width: 600px) {\\n  .el-element {\\n    font-size: 18px;\\n  }\\n}\",\"margin\":\"medium\",\"position\":\"relative\",\"position_z_index\":\"3\",\"title_element\":\"h2\",\"title_style\":\"h1\"}},{\"type\":\"text\",\"props\":{\"column\":\"1-2\",\"column_breakpoint\":\"m\",\"content\":\"\n\n<p>Handlungsorientierte Bausteine finden sich in vielen Momenten meiner Arbeit wieder. Sie fokussieren, lassen neuen Blickwinkel zu, f\\u00fchren Menschen zusammen oder lockern auf. Immer sind sie, passend eingesetzt ein Mehrwert.<\\\/p>\\n\n\n<p>In der Erlebnisp\\u00e4dagogik werden erfahrungsorientierte Lernprozesse iniziert. In sogenannten In inzensierten Settings werden Situationen erfahrbar gemacht. Durch einen angeleiteten Reflektionsprozess wird der Transfer in den Alltag erm\\u00f6glicht. So wird ein selbstbestimmter Lernprozess angeregt. Entscheidend ist, dass angebotene Aufgaben zu der jeweiligen Gruppe zu dem derzeitigen Zeitpunkt passen.<\\\/p>\\n\n\n<p>Die Teilnehmenden werden herausgefordert, ihre Grenzen zu erkennen und zu erweitern, Teamarbeit zu f\\u00f6rdern, Vertrauen aufzubauen und Probleml\\u00f6sungsf\\u00e4higkeiten zu entwickeln.<\\\/p>\\n\n\n<p>In Gruppenfindungsprozessen begleite ich ihr Team in der Weiterentwicklung von der Kennelernphase bis zur Optimierung von Performingprozessen.\\u00a0<\\\/p>\\n\n\n<p>In Gruppenfindungsprozessen begleite ich ihr Team in der Weiterentwicklung von der Kennelernphase bis zur Optimierung von Performingprozessen.\\u00a0<\\\/p>\\n\n\n<p><strong>Sprechen sie mich unverbindlich an. In einem Telefontermin er\\u00f6rtern wir die aktuellen Situation und legen gemeinsam den Bedarf fest. Anschlie\\u00dfend erstelle ich Ihnen ein auf ihre Situation zugeschnittenes Angebot<\\\/strong><\\\/p>\",\"margin\":\"default\",\"position\":\"relative\"}},{\"type\":\"button\",\"props\":{\"grid_column_gap\":\"small\",\"grid_row_gap\":\"small\",\"margin\":\"default\"},\"children\":[{\"type\":\"button_item\",\"props\":{\"button_style\":\"secondary\",\"content\":\"Kontakt aufnehmen\",\"icon_align\":\"left\",\"link\":\"#kontakt\"}}]}]},{\"type\":\"column\",\"props\":{\"css\":\".uk-card-secondary{\\n    \\n   \\n    \\n      box-shadow: 0 1px 2px rgba(0,0,0,0.16), 0 1px 2px rgba(0,0,0,0.23);\\n    \\n    \\n\\n    \\n}\",\"image_position\":\"center-center\",\"order_first\":\"xs\",\"position_sticky_breakpoint\":\"m\",\"style\":\"card-secondary\",\"vertical_align\":\"middle\",\"width_medium\":\"2-5\"},\"children\":[{\"type\":\"headline\",\"props\":{\"content\":\"\n\n<p>\\u201eNun durch die Freiheit und die Erfahrungen in der Umwelt kann sich der Mensch entwickeln\\u201c<\\\/p>\",\"maxwidth\":\"xlarge\",\"title_element\":\"h2\",\"title_style\":\"h1\"}},{\"type\":\"text\",\"props\":{\"column_breakpoint\":\"m\",\"content\":\"\n\n<p>\\u2014 Maria Montessori<\\\/p>\",\"margin\":\"medium\"}},{\"type\":\"image\",\"props\":{\"animation\":\"parallax\",\"css\":\".el-image { max-width: 30vw; }\",\"image\":\"wp-content\\\/uploads\\\/about-02.svg\",\"image_svg_color\":\"emphasis\",\"margin\":\"default\",\"parallax_easing\":\"1\",\"parallax_x\":\"-70\",\"parallax_y\":\"5vh,-5vh\",\"position\":\"absolute\",\"position_bottom\":\"-120\",\"position_right\":\"-220\",\"text_align\":\"center\"}}]}]}],\"name\":\"About\"},{\"type\":\"section\",\"props\":{\"id\":\"fortbildungen\",\"image_position\":\"center-center\",\"style\":\"primary\",\"title_breakpoint\":\"xl\",\"title_position\":\"top-left\",\"title_rotation\":\"left\",\"vertical_align\":\"middle\",\"width\":\"large\"},\"children\":[{\"type\":\"row\",\"props\":{\"layout\":\"2-5,3-5\"},\"children\":[{\"type\":\"column\",\"props\":{\"image_position\":\"center-center\",\"position_sticky_breakpoint\":\"m\",\"style\":\"card-secondary\",\"width_medium\":\"2-5\"},\"children\":[{\"type\":\"headline\",\"props\":{\"content\":\"\\u201eWir leben nicht, um zu glauben, sondern um zu lernen.\\u201c\",\"maxwidth\":\"xlarge\",\"title_element\":\"h2\",\"title_style\":\"h1\"}},{\"type\":\"text\",\"props\":{\"column_breakpoint\":\"m\",\"content\":\"\n\n<p>\\u2014 Dalai Lama<\\\/p>\",\"margin\":\"medium\"}}]},{\"type\":\"column\",\"props\":{\"image_position\":\"center-center\",\"position_sticky_breakpoint\":\"m\",\"width_medium\":\"3-5\"},\"children\":[{\"type\":\"headline\",\"props\":{\"content\":\"\n\n<p>Fortbildungen<\\\/p>\",\"title_element\":\"h1\",\"title_style\":\"h1\"}},{\"type\":\"text\",\"props\":{\"column_breakpoint\":\"m\",\"content\":\"\n\n<p>Als Workshop, Methodentag, Fortbildung oder theoretische Einheit vorbereitet bietet eine Auseinandersetzung mit einem Thema einem Menschen und der Gruppe, in der er sich befindet, immer einen Mehrwert. Lassen sie sich einladen, sich neu mit einem Thema auseinanderzusetzen.<\\\/p>\",\"margin\":\"default\"}}]}]},{\"type\":\"row\",\"props\":{\"layout\":\"1-2,1-2\"},\"children\":[{\"type\":\"column\",\"props\":{\"image_position\":\"center-center\",\"position_sticky_breakpoint\":\"m\",\"width_medium\":\"1-2\"},\"children\":[{\"type\":\"panel\",\"props\":{\"content\":\"\n\n<p>Jeder zehnte Mensch hat eine Schwerbehinderung. Jede Gruppe besteht aus vielen Einzelcharakteren, die eine Besonderheit in sich Tragen und die Gruppe bereichern.<\\\/p>\\n\n\n<p>Die Besonderheiten nutzbar machen und die Anspr\\u00fcche eines jeden im Blick zu haben erm\\u00f6glicht die Inklusion in Gruppen.<\\\/p>\\n\n\n<p>In Setting von einem drei bis sieben Stunden im Rahmen eines Workshops werden passgenau auf die Gruppe zugeschnittene Methoden genutzt, um einen Inklusiven Ansatz zu etablieren.<\\\/p>\\n\n\n<p><\\\/p>\",\"content_column_breakpoint\":\"m\",\"css\":\".el-element{\\n    \\n      box-shadow: 0 1px 2px rgba(0,0,0,0.16), 0 1px 2px rgba(0,0,0,0.23);\\n    \\n    \\n}\",\"height_expand\":true,\"icon_width\":80,\"image\":\"wp-content\\\/uploads\\\/2024\\\/03\\\/inklusion.jpg\",\"image_align\":\"top\",\"image_alt\":\"Grafik zur verdeutlichung von Inklusion\",\"image_grid_breakpoint\":\"m\",\"image_grid_width\":\"1-2\",\"image_svg_color\":\"emphasis\",\"link\":\"#kontakt\",\"link_style\":\"secondary\",\"link_text\":\"Nehmen Sie Kontakt auf\",\"margin\":\"default\",\"meta_align\":\"below-title\",\"meta_element\":\"div\",\"meta_style\":\"text-meta\",\"panel_image_no_padding\":false,\"panel_padding\":\"small\",\"panel_style\":\"card-default\",\"title\":\"Gelingende Inklusion in Gruppen jeder Art\",\"title_align\":\"top\",\"title_element\":\"h2\",\"title_grid_breakpoint\":\"m\",\"title_grid_width\":\"1-2\",\"title_hover_style\":\"reset\",\"title_style\":\"h2\"}}]},{\"type\":\"column\",\"props\":{\"image_position\":\"center-center\",\"position_sticky_breakpoint\":\"m\",\"width_medium\":\"1-2\"},\"children\":[{\"type\":\"panel\",\"props\":{\"content\":\"\n\n<p>Niedrige Seilelemente sind in der handlungsorientierten Arbeit unabdingbar. Sie sind nahezu in jedem Gruppensetting und an unterschiedlichsten Orten einsetzbar. <br \\\/>Diese Fortbildung dient dem Erlernen eines sicheren Umgangs mit dem Material und die p\\u00e4dagogischen M\\u00f6glichkeiten. Die Fortbildung nach ERCA-Standard \\u201eKonstrukteur tempor\\u00e4re Niedrigseilgarten\\u201c sieht in 24 Unterrichtsstunden (Blockmodell) unter anderem vor:<\\\/p>\\n\n\n<ul>\\n\n\n<li>Aufbau (Standortwahl, Umweltschutz, Materialauswahl, Sicherheitsaspekte, Berechnungen der Bruchlasten und Belastungen des Materials, Risikoanalyse)<\\\/li>\\n\n\n<li>P\\u00e4dagogische Aspekte des Nutzens, Sicherheitsaspekte im Betrieb<\\\/li>\\n\n\n<li>Verschiedenste Aufbauvarianten und deren Einsatzm\\u00f6glichkeiten.<\\\/li>\\n\n\n<li>Nutzung unterschiedlicher Materialien. Der Schwerpunkt liegt auf dem Aufbau mit Industriematerial. Die Nutzung von Stahlseilen und Klettermaterial wird betrachtet, ist aber kein Schwerpunkt<\\\/li>\\n\n\n<li>Notwendige Knoten<\\\/li>\\n<\\\/ul>\",\"content_column_breakpoint\":\"m\",\"css\":\".el-element{\\n    \\n      box-shadow: 0 1px 2px rgba(0,0,0,0.16), 0 1px 2px rgba(0,0,0,0.23);\\n    \\n    \\n}\\n\\n.el-meta{\\n    \\n    font-size: 18px;\\n}\",\"height_expand\":true,\"icon_width\":80,\"image\":\"wp-content\\\/uploads\\\/2024\\\/03\\\/niedrigseil2.jpg\",\"image_align\":\"top\",\"image_alt\":\"Grafik zur Repr\\u00e4sentation von Niedrigseilg\\u00e4rten\",\"image_grid_breakpoint\":\"m\",\"image_grid_width\":\"1-2\",\"image_svg_color\":\"emphasis\",\"link\":\"#kontakt\",\"link_style\":\"secondary\",\"link_text\":\"Nehmen Sie Kontakt auf\",\"margin\":\"default\",\"meta\":\"ERCA - Zertifiziert\",\"meta_align\":\"below-title\",\"meta_element\":\"div\",\"meta_margin\":\"small\",\"meta_style\":\"text-meta\",\"panel_padding\":\"small\",\"panel_style\":\"card-default\",\"title\":\"Tempor\\u00e4re Niedrigseil Aufbauten\",\"title_align\":\"top\",\"title_element\":\"h3\",\"title_grid_breakpoint\":\"m\",\"title_grid_width\":\"1-2\",\"title_hover_style\":\"reset\"}}]}]}]},{\"type\":\"section\",\"props\":{\"id\":\"kontakt\",\"image_position\":\"center-center\",\"padding_remove_bottom\":true,\"style\":\"default\",\"title_breakpoint\":\"xl\",\"title_position\":\"top-left\",\"title_rotation\":\"left\",\"vertical_align\":\"middle\",\"width\":\"\"},\"children\":[{\"type\":\"row\",\"props\":{\"layout\":\"1-2,1-2\",\"row_gap\":\"large\",\"width\":\"large\"},\"children\":[{\"type\":\"column\",\"props\":{\"image_position\":\"center-center\",\"order_first\":\"m\",\"position_sticky_breakpoint\":\"m\",\"vertical_align\":\"middle\",\"width_medium\":\"1-2\",\"width_small\":\"1-1\"},\"children\":[{\"type\":\"image\",\"props\":{\"css\":\".el-image{\\n    \\n    \\n    border-radius:20px;\\n    \\n}\",\"image\":\"wp-content\\\/uploads\\\/2024\\\/02\\\/thomas-woesthoff-kontakt.jpg\",\"image_alt\":\"Thomas Woesthoff Portraitbild\",\"image_svg_color\":\"emphasis\",\"image_width\":400,\"margin\":\"default\",\"position\":\"relative\",\"position_z_index\":\"1\",\"text_align\":\"center\",\"visibility\":\"m\"}},{\"type\":\"image\",\"props\":{\"image\":\"wp-content\\\/uploads\\\/2024\\\/03\\\/blau-bg-piece2.png\",\"image_height\":500,\"image_svg_color\":\"emphasis\",\"margin\":\"default\",\"position\":\"absolute\",\"position_left\":\"-230\",\"position_top\":\"170\",\"position_z_index\":\"0\",\"visibility\":\"m\"}}]},{\"type\":\"column\",\"props\":{\"image_position\":\"center-center\",\"order_first\":\"xs\",\"position_sticky_breakpoint\":\"m\",\"width_medium\":\"1-2\",\"width_small\":\"1-1\"},\"children\":[{\"type\":\"headline\",\"props\":{\"block_align\":\"center\",\"content\":\"Kontaktieren Sie mich\",\"text_align\":\"center\",\"text_align_breakpoint\":\"s\",\"text_align_fallback\":\"left\",\"title_element\":\"h2\"}},{\"type\":\"divider\",\"props\":{\"divider_element\":\"hr\"}},{\"type\":\"fragment\",\"props\":{\"margin\":\"default\"},\"children\":[{\"type\":\"row\",\"props\":{\"layout\":\"1-3,1-3,1-3\"},\"children\":[{\"type\":\"column\",\"props\":{\"image_position\":\"center-center\",\"position_sticky_breakpoint\":\"m\",\"width_medium\":\"1-3\",\"width_small\":\"1-1\"},\"children\":[{\"type\":\"list\",\"props\":{\"column_breakpoint\":\"m\",\"content_style\":\"h4\",\"image_align\":\"left\",\"image_height\":\"30\",\"image_svg_color\":\"emphasis\",\"image_vertical_align\":true,\"list_element\":\"ul\",\"list_horizontal_separator\":\", \",\"list_size\":\"large\",\"list_type\":\"vertical\",\"show_image\":true,\"show_link\":true},\"children\":[{\"type\":\"list_item\",\"props\":{\"content\":\"\n\n<p><a href=\\\"mailto:mail@woesthoff.team\\\">mail@woesthoff.team<\\\/a><\\\/p>\",\"image\":\"wp-content\\\/uploads\\\/2024\\\/03\\\/phone-woesthoff.png\",\"image_alt\":\"Brief Icon\",\"link\":\"mailto:mail@woesthoff.team\"}},{\"type\":\"list_item\",\"props\":{\"content\":\"\n\n<p>0157 \\\/ 7355 1970<\\\/p>\",\"image\":\"wp-content\\\/uploads\\\/2024\\\/03\\\/phone-icon.png\",\"image_alt\":\"Telefonh\\u00f6rer Icon\",\"link\":\"tel:+4915773551970\"}}],\"name\":\"kontakt-list2\"}]},{\"type\":\"column\",\"props\":{\"image_position\":\"center-center\",\"position_sticky_breakpoint\":\"m\",\"width_medium\":\"1-3\",\"width_small\":\"1-1\"}},{\"type\":\"column\",\"props\":{\"image_position\":\"center-center\",\"position_sticky_breakpoint\":\"m\",\"width_medium\":\"1-3\",\"width_small\":\"1-3\"},\"children\":[{\"type\":\"image\",\"props\":{\"image\":\"wp-content\\\/uploads\\\/2024\\\/02\\\/thomas-woesthoff-kontakt.jpg\",\"image_svg_color\":\"emphasis\",\"margin\":\"default\",\"visibility\":\"hidden-m\"}}]}]}]},{\"type\":\"panel\",\"props\":{\"content\":\"\n\n<p>[formidable id=1]<\\\/p>\",\"content_column_breakpoint\":\"m\",\"content_margin\":\"small\",\"icon_width\":80,\"image_align\":\"top\",\"image_grid_breakpoint\":\"m\",\"image_grid_width\":\"1-2\",\"image_svg_color\":\"emphasis\",\"link_style\":\"default\",\"link_text\":\"Read more\",\"margin\":\"medium\",\"meta_align\":\"below-title\",\"meta_element\":\"div\",\"meta_style\":\"text-meta\",\"panel_padding\":\"small\",\"title_align\":\"top\",\"title_element\":\"h3\",\"title_grid_breakpoint\":\"m\",\"title_grid_width\":\"1-2\",\"title_hover_style\":\"reset\"}}]}]}],\"name\":\"Contact\"}],\"version\":\"4.3.4\"} --><\/p>\n","protected":false},"excerpt":{"rendered":"<p>Thomas Woesthoff Ihr Experte f\u00fcr SUPERVISIONEN | FORTBILDUNGEN | ERLEBNISP\u00c4DAGOGIKSCHULABSTINENZ Meine Angebote Kontakt aufnehmen Thomas Woesthoff Jahrgang 1973 Sozialp\u00e4dagoge (MA) \u00dcber mich Nach dem Abitur in Soest begann ich mein Lehramtsstudium f\u00fcr die Primarstufe. Jedoch erkannte ich, kurz nach Berufseinstieg, meine Leidenschaft f\u00fcr Sozialp\u00e4dagogik und entschied mich f\u00fcr eine Ausbildung zum (Heim-) Erzieher im Elementarbereich. [&hellip;]<\/p>\n","protected":false},"author":1,"featured_media":0,"parent":0,"menu_order":1,"comment_status":"open","ping_status":"open","template":"","meta":{"footnotes":""},"class_list":["post-1","page","type-page","status-publish","hentry"],"_links":{"self":[{"href":"https:\/\/woesthoff.team\/index.php?rest_route=\/wp\/v2\/pages\/1","targetHints":{"allow":["GET"]}}],"collection":[{"href":"https:\/\/woesthoff.team\/index.php?rest_route=\/wp\/v2\/pages"}],"about":[{"href":"https:\/\/woesthoff.team\/index.php?rest_route=\/wp\/v2\/types\/page"}],"author":[{"embeddable":true,"href":"https:\/\/woesthoff.team\/index.php?rest_route=\/wp\/v2\/users\/1"}],"replies":[{"embeddable":true,"href":"https:\/\/woesthoff.team\/index.php?rest_route=%2Fwp%2Fv2%2Fcomments&post=1"}],"version-history":[{"count":5,"href":"https:\/\/woesthoff.team\/index.php?rest_route=\/wp\/v2\/pages\/1\/revisions"}],"predecessor-version":[{"id":1582,"href":"https:\/\/woesthoff.team\/index.php?rest_route=\/wp\/v2\/pages\/1\/revisions\/1582"}],"wp:attachment":[{"href":"https:\/\/woesthoff.team\/index.php?rest_route=%2Fwp%2Fv2%2Fmedia&parent=1"}],"curies":[{"name":"wp","href":"https:\/\/api.w.org\/{rel}","templated":true}]}}